{"id":2500219,"date":"2023-10-10T17:26:19","date_gmt":"2023-10-10T15:26:19","guid":{"rendered":"https:\/\/www.segond-immobilier.com\/tous-nos-biens\/rare-et-atypique-bureau-sur-courette-au-calme\/"},"modified":"2026-05-03T18:17:29","modified_gmt":"2026-05-03T16:17:29","slug":"rare-et-atypique-bureau-sur-courette-au-calme","status":"publish","type":"product","link":"https:\/\/www.segond-immobilier.com\/en\/tous-nos-biens\/rare-et-atypique-bureau-sur-courette-au-calme\/","title":{"rendered":"Rare et atypique bureau sur courette au calme"},"content":{"rendered":"<p>Charmant bureau ind\u00e9pendant en RDC d&#8217;environ 10m\u00b2 au c\u0153ur de la Condamine situ\u00e9 dans une annexe d&#8217;une petite Copropri\u00e9t\u00e9 rue Princesse Antoinette.<\/p>\n<p>Composition : pi\u00e8ce principale avec double fen\u00eatre donnant sur les jardins de la cour, kitchenette et salle de douche avec wc.<\/p>\n<p>Loyer : 1.100\u20ac\/mois charges comprises.<\/p>\n<p>Disponible en Janvier 2024.<\/p>\n","protected":false},"excerpt":{"rendered":"<p>Charmant bureau ind\u00e9pendant en RDC d&#8217;environ 10m\u00b2 au c\u0153ur de la Condamine situ\u00e9 dans une annexe d&#8217;une petite Copropri\u00e9t\u00e9 rue Princesse Antoinette. Composition : pi\u00e8ce principale avec double fen\u00eatre donnant sur les jardins de la cour, kitchenette et salle de<span class=\"excerpt-hellip\"> [\u2026]<\/span><\/p>\n","protected":false},"featured_media":2529326,"comment_status":"open","ping_status":"closed","template":"","meta":{"_acf_changed":false},"chambre":[],"localisations":[364],"parking":[],"quartiers":[],"salle-de-bain":[],"statut":[274],"superficie":[101],"type-de-propriete":[253],"product_cat":[275],"product_tag":[],"class_list":["post-2500219","product","type-product","status-publish","has-post-thumbnail","hentry","localisations-monaco-en","statut-rental","superficie-101","type-de-propriete-office","product_cat-rental"],"acf":[],"yoast_head":"<!-- This site is optimized with the Yoast SEO plugin v27.5 - https:\/\/yoast.com\/product\/yoast-seo-wordpress\/ -->\n<title>Rare et atypique bureau sur courette au calme - SEGOND IMMOBILIER<\/title>\n<meta name=\"robots\" content=\"index, follow, max-snippet:-1, max-image-preview:large, max-video-preview:-1\" \/>\n<link rel=\"canonical\" href=\"https:\/\/www.segond-immobilier.com\/en\/tous-nos-biens\/rare-et-atypique-bureau-sur-courette-au-calme\/\" \/>\n<meta property=\"og:locale\" content=\"en_US\" \/>\n<meta property=\"og:type\" content=\"article\" \/>\n<meta property=\"og:title\" content=\"Rare et atypique bureau sur courette au calme - SEGOND IMMOBILIER\" \/>\n<meta property=\"og:description\" content=\"Charmant bureau ind\u00e9pendant en RDC d&#8217;environ 10m\u00b2 au c\u0153ur de la Condamine situ\u00e9 dans une annexe d&#8217;une petite Copropri\u00e9t\u00e9 rue Princesse Antoinette. Composition : pi\u00e8ce principale avec double fen\u00eatre donnant sur les jardins de la cour, kitchenette et salle de [\u2026]\" \/>\n<meta property=\"og:url\" content=\"https:\/\/www.segond-immobilier.com\/en\/tous-nos-biens\/rare-et-atypique-bureau-sur-courette-au-calme\/\" \/>\n<meta property=\"og:site_name\" content=\"SEGOND IMMOBILIER\" \/>\n<meta property=\"article:modified_time\" content=\"2026-05-03T16:17:29+00:00\" \/>\n<meta property=\"og:image\" content=\"https:\/\/www.segond-immobilier.com\/wp-content\/uploads\/2023\/10\/7a37f78db95dd332b0a6b98dca4cda29_59e42f17c7_1920-original-2500218-0-2.jpg\" \/>\n\t<meta property=\"og:image:width\" content=\"1440\" \/>\n\t<meta property=\"og:image:height\" content=\"1920\" \/>\n\t<meta property=\"og:image:type\" content=\"image\/jpeg\" \/>\n<meta name=\"twitter:card\" content=\"summary_large_image\" \/>\n<script type=\"application\/ld+json\" class=\"yoast-schema-graph\">{\"@context\":\"https:\\\/\\\/schema.org\",\"@graph\":[{\"@type\":\"WebPage\",\"@id\":\"https:\\\/\\\/www.segond-immobilier.com\\\/en\\\/tous-nos-biens\\\/rare-et-atypique-bureau-sur-courette-au-calme\\\/\",\"url\":\"https:\\\/\\\/www.segond-immobilier.com\\\/en\\\/tous-nos-biens\\\/rare-et-atypique-bureau-sur-courette-au-calme\\\/\",\"name\":\"Rare et atypique bureau sur courette au calme - SEGOND IMMOBILIER\",\"isPartOf\":{\"@id\":\"https:\\\/\\\/www.segond-immobilier.com\\\/#website\"},\"primaryImageOfPage\":{\"@id\":\"https:\\\/\\\/www.segond-immobilier.com\\\/en\\\/tous-nos-biens\\\/rare-et-atypique-bureau-sur-courette-au-calme\\\/#primaryimage\"},\"image\":{\"@id\":\"https:\\\/\\\/www.segond-immobilier.com\\\/en\\\/tous-nos-biens\\\/rare-et-atypique-bureau-sur-courette-au-calme\\\/#primaryimage\"},\"thumbnailUrl\":\"https:\\\/\\\/www.segond-immobilier.com\\\/wp-content\\\/uploads\\\/2023\\\/10\\\/7a37f78db95dd332b0a6b98dca4cda29_59e42f17c7_1920-original-2500218-0-2.jpg\",\"datePublished\":\"2023-10-10T15:26:19+00:00\",\"dateModified\":\"2026-05-03T16:17:29+00:00\",\"breadcrumb\":{\"@id\":\"https:\\\/\\\/www.segond-immobilier.com\\\/en\\\/tous-nos-biens\\\/rare-et-atypique-bureau-sur-courette-au-calme\\\/#breadcrumb\"},\"inLanguage\":\"en-US\",\"potentialAction\":[{\"@type\":\"ReadAction\",\"target\":[\"https:\\\/\\\/www.segond-immobilier.com\\\/en\\\/tous-nos-biens\\\/rare-et-atypique-bureau-sur-courette-au-calme\\\/\"]}]},{\"@type\":\"ImageObject\",\"inLanguage\":\"en-US\",\"@id\":\"https:\\\/\\\/www.segond-immobilier.com\\\/en\\\/tous-nos-biens\\\/rare-et-atypique-bureau-sur-courette-au-calme\\\/#primaryimage\",\"url\":\"https:\\\/\\\/www.segond-immobilier.com\\\/wp-content\\\/uploads\\\/2023\\\/10\\\/7a37f78db95dd332b0a6b98dca4cda29_59e42f17c7_1920-original-2500218-0-2.jpg\",\"contentUrl\":\"https:\\\/\\\/www.segond-immobilier.com\\\/wp-content\\\/uploads\\\/2023\\\/10\\\/7a37f78db95dd332b0a6b98dca4cda29_59e42f17c7_1920-original-2500218-0-2.jpg\",\"width\":1440,\"height\":1920},{\"@type\":\"BreadcrumbList\",\"@id\":\"https:\\\/\\\/www.segond-immobilier.com\\\/en\\\/tous-nos-biens\\\/rare-et-atypique-bureau-sur-courette-au-calme\\\/#breadcrumb\",\"itemListElement\":[{\"@type\":\"ListItem\",\"position\":1,\"name\":\"Accueil\",\"item\":\"https:\\\/\\\/www.segond-immobilier.com\\\/\"},{\"@type\":\"ListItem\",\"position\":2,\"name\":\"Our properties\",\"item\":\"https:\\\/\\\/www.segond-immobilier.com\\\/our-properties\\\/?lang=en\"},{\"@type\":\"ListItem\",\"position\":3,\"name\":\"Rare et atypique bureau sur courette au calme\"}]},{\"@type\":\"WebSite\",\"@id\":\"https:\\\/\\\/www.segond-immobilier.com\\\/#website\",\"url\":\"https:\\\/\\\/www.segond-immobilier.com\\\/\",\"name\":\"www.segond-immobilier.com\",\"description\":\"\",\"publisher\":{\"@id\":\"https:\\\/\\\/www.segond-immobilier.com\\\/#organization\"},\"potentialAction\":[{\"@type\":\"SearchAction\",\"target\":{\"@type\":\"EntryPoint\",\"urlTemplate\":\"https:\\\/\\\/www.segond-immobilier.com\\\/?s={search_term_string}\"},\"query-input\":{\"@type\":\"PropertyValueSpecification\",\"valueRequired\":true,\"valueName\":\"search_term_string\"}}],\"inLanguage\":\"en-US\"},{\"@type\":\"Organization\",\"@id\":\"https:\\\/\\\/www.segond-immobilier.com\\\/#organization\",\"name\":\"Groupe Segond Immobilier\",\"url\":\"https:\\\/\\\/www.segond-immobilier.com\\\/\",\"logo\":{\"@type\":\"ImageObject\",\"inLanguage\":\"en-US\",\"@id\":\"https:\\\/\\\/www.segond-immobilier.com\\\/#\\\/schema\\\/logo\\\/image\\\/\",\"url\":\"https:\\\/\\\/www.segond-immobilier.com\\\/wp-content\\\/uploads\\\/2023\\\/11\\\/logo-groupe-segond-immobilier-mail.png\",\"contentUrl\":\"https:\\\/\\\/www.segond-immobilier.com\\\/wp-content\\\/uploads\\\/2023\\\/11\\\/logo-groupe-segond-immobilier-mail.png\",\"width\":200,\"height\":49,\"caption\":\"Groupe Segond Immobilier\"},\"image\":{\"@id\":\"https:\\\/\\\/www.segond-immobilier.com\\\/#\\\/schema\\\/logo\\\/image\\\/\"}}]}<\/script>\n<!-- \/ Yoast SEO plugin. -->","yoast_head_json":{"title":"Rare et atypique bureau sur courette au calme - SEGOND IMMOBILIER","robots":{"index":"index","follow":"follow","max-snippet":"max-snippet:-1","max-image-preview":"max-image-preview:large","max-video-preview":"max-video-preview:-1"},"canonical":"https:\/\/www.segond-immobilier.com\/en\/tous-nos-biens\/rare-et-atypique-bureau-sur-courette-au-calme\/","og_locale":"en_US","og_type":"article","og_title":"Rare et atypique bureau sur courette au calme - SEGOND IMMOBILIER","og_description":"Charmant bureau ind\u00e9pendant en RDC d&#8217;environ 10m\u00b2 au c\u0153ur de la Condamine situ\u00e9 dans une annexe d&#8217;une petite Copropri\u00e9t\u00e9 rue Princesse Antoinette. Composition : pi\u00e8ce principale avec double fen\u00eatre donnant sur les jardins de la cour, kitchenette et salle de [\u2026]","og_url":"https:\/\/www.segond-immobilier.com\/en\/tous-nos-biens\/rare-et-atypique-bureau-sur-courette-au-calme\/","og_site_name":"SEGOND IMMOBILIER","article_modified_time":"2026-05-03T16:17:29+00:00","og_image":[{"width":1440,"height":1920,"url":"https:\/\/www.segond-immobilier.com\/wp-content\/uploads\/2023\/10\/7a37f78db95dd332b0a6b98dca4cda29_59e42f17c7_1920-original-2500218-0-2.jpg","type":"image\/jpeg"}],"twitter_card":"summary_large_image","schema":{"@context":"https:\/\/schema.org","@graph":[{"@type":"WebPage","@id":"https:\/\/www.segond-immobilier.com\/en\/tous-nos-biens\/rare-et-atypique-bureau-sur-courette-au-calme\/","url":"https:\/\/www.segond-immobilier.com\/en\/tous-nos-biens\/rare-et-atypique-bureau-sur-courette-au-calme\/","name":"Rare et atypique bureau sur courette au calme - SEGOND IMMOBILIER","isPartOf":{"@id":"https:\/\/www.segond-immobilier.com\/#website"},"primaryImageOfPage":{"@id":"https:\/\/www.segond-immobilier.com\/en\/tous-nos-biens\/rare-et-atypique-bureau-sur-courette-au-calme\/#primaryimage"},"image":{"@id":"https:\/\/www.segond-immobilier.com\/en\/tous-nos-biens\/rare-et-atypique-bureau-sur-courette-au-calme\/#primaryimage"},"thumbnailUrl":"https:\/\/www.segond-immobilier.com\/wp-content\/uploads\/2023\/10\/7a37f78db95dd332b0a6b98dca4cda29_59e42f17c7_1920-original-2500218-0-2.jpg","datePublished":"2023-10-10T15:26:19+00:00","dateModified":"2026-05-03T16:17:29+00:00","breadcrumb":{"@id":"https:\/\/www.segond-immobilier.com\/en\/tous-nos-biens\/rare-et-atypique-bureau-sur-courette-au-calme\/#breadcrumb"},"inLanguage":"en-US","potentialAction":[{"@type":"ReadAction","target":["https:\/\/www.segond-immobilier.com\/en\/tous-nos-biens\/rare-et-atypique-bureau-sur-courette-au-calme\/"]}]},{"@type":"ImageObject","inLanguage":"en-US","@id":"https:\/\/www.segond-immobilier.com\/en\/tous-nos-biens\/rare-et-atypique-bureau-sur-courette-au-calme\/#primaryimage","url":"https:\/\/www.segond-immobilier.com\/wp-content\/uploads\/2023\/10\/7a37f78db95dd332b0a6b98dca4cda29_59e42f17c7_1920-original-2500218-0-2.jpg","contentUrl":"https:\/\/www.segond-immobilier.com\/wp-content\/uploads\/2023\/10\/7a37f78db95dd332b0a6b98dca4cda29_59e42f17c7_1920-original-2500218-0-2.jpg","width":1440,"height":1920},{"@type":"BreadcrumbList","@id":"https:\/\/www.segond-immobilier.com\/en\/tous-nos-biens\/rare-et-atypique-bureau-sur-courette-au-calme\/#breadcrumb","itemListElement":[{"@type":"ListItem","position":1,"name":"Accueil","item":"https:\/\/www.segond-immobilier.com\/"},{"@type":"ListItem","position":2,"name":"Our properties","item":"https:\/\/www.segond-immobilier.com\/our-properties\/?lang=en"},{"@type":"ListItem","position":3,"name":"Rare et atypique bureau sur courette au calme"}]},{"@type":"WebSite","@id":"https:\/\/www.segond-immobilier.com\/#website","url":"https:\/\/www.segond-immobilier.com\/","name":"www.segond-immobilier.com","description":"","publisher":{"@id":"https:\/\/www.segond-immobilier.com\/#organization"},"potentialAction":[{"@type":"SearchAction","target":{"@type":"EntryPoint","urlTemplate":"https:\/\/www.segond-immobilier.com\/?s={search_term_string}"},"query-input":{"@type":"PropertyValueSpecification","valueRequired":true,"valueName":"search_term_string"}}],"inLanguage":"en-US"},{"@type":"Organization","@id":"https:\/\/www.segond-immobilier.com\/#organization","name":"Groupe Segond Immobilier","url":"https:\/\/www.segond-immobilier.com\/","logo":{"@type":"ImageObject","inLanguage":"en-US","@id":"https:\/\/www.segond-immobilier.com\/#\/schema\/logo\/image\/","url":"https:\/\/www.segond-immobilier.com\/wp-content\/uploads\/2023\/11\/logo-groupe-segond-immobilier-mail.png","contentUrl":"https:\/\/www.segond-immobilier.com\/wp-content\/uploads\/2023\/11\/logo-groupe-segond-immobilier-mail.png","width":200,"height":49,"caption":"Groupe Segond Immobilier"},"image":{"@id":"https:\/\/www.segond-immobilier.com\/#\/schema\/logo\/image\/"}}]}},"_links":{"self":[{"href":"https:\/\/www.segond-immobilier.com\/en\/wp-json\/wp\/v2\/product\/2500219","targetHints":{"allow":["GET"]}}],"collection":[{"href":"https:\/\/www.segond-immobilier.com\/en\/wp-json\/wp\/v2\/product"}],"about":[{"href":"https:\/\/www.segond-immobilier.com\/en\/wp-json\/wp\/v2\/types\/product"}],"replies":[{"embeddable":true,"href":"https:\/\/www.segond-immobilier.com\/en\/wp-json\/wp\/v2\/comments?post=2500219"}],"wp:featuredmedia":[{"embeddable":true,"href":"https:\/\/www.segond-immobilier.com\/en\/wp-json\/wp\/v2\/media\/2529326"}],"wp:attachment":[{"href":"https:\/\/www.segond-immobilier.com\/en\/wp-json\/wp\/v2\/media?parent=2500219"}],"wp:term":[{"taxonomy":"chambre","embeddable":true,"href":"https:\/\/www.segond-immobilier.com\/en\/wp-json\/wp\/v2\/chambre?post=2500219"},{"taxonomy":"localisations","embeddable":true,"href":"https:\/\/www.segond-immobilier.com\/en\/wp-json\/wp\/v2\/localisations?post=2500219"},{"taxonomy":"parking","embeddable":true,"href":"https:\/\/www.segond-immobilier.com\/en\/wp-json\/wp\/v2\/parking?post=2500219"},{"taxonomy":"quartiers","embeddable":true,"href":"https:\/\/www.segond-immobilier.com\/en\/wp-json\/wp\/v2\/quartiers?post=2500219"},{"taxonomy":"salle-de-bain","embeddable":true,"href":"https:\/\/www.segond-immobilier.com\/en\/wp-json\/wp\/v2\/salle-de-bain?post=2500219"},{"taxonomy":"statut","embeddable":true,"href":"https:\/\/www.segond-immobilier.com\/en\/wp-json\/wp\/v2\/statut?post=2500219"},{"taxonomy":"superficie","embeddable":true,"href":"https:\/\/www.segond-immobilier.com\/en\/wp-json\/wp\/v2\/superficie?post=2500219"},{"taxonomy":"type-de-propriete","embeddable":true,"href":"https:\/\/www.segond-immobilier.com\/en\/wp-json\/wp\/v2\/type-de-propriete?post=2500219"},{"taxonomy":"product_cat","embeddable":true,"href":"https:\/\/www.segond-immobilier.com\/en\/wp-json\/wp\/v2\/product_cat?post=2500219"},{"taxonomy":"product_tag","embeddable":true,"href":"https:\/\/www.segond-immobilier.com\/en\/wp-json\/wp\/v2\/product_tag?post=2500219"}],"curies":[{"name":"wp","href":"https:\/\/api.w.org\/{rel}","templated":true}]}}